 
 
{"id":133,"date":"2015-11-29T19:22:30","date_gmt":"2015-11-29T18:22:30","guid":{"rendered":"https:\/\/www.pep34vacances.com\/centre-malibert\/?page_id=133"},"modified":"2019-03-06T15:17:27","modified_gmt":"2019-03-06T14:17:27","slug":"mot-du-directeur","status":"publish","type":"page","link":"https:\/\/www.pep34vacances.com\/centre-malibert\/presentation\/mot-du-directeur\/","title":{"rendered":"Le mot du Directeur"},"content":{"rendered":"<p><img loading=\"lazy\" decoding=\"async\" class=\"alignnone size-full wp-image-641\" src=\"https:\/\/www.pep34vacances.com\/centre-malibert\/wp-content\/uploads\/sites\/3\/2016\/03\/pep34-balade-rando-nature-malibert.jpg\" alt=\"Le centre de vacances de Malibert, dans la r\u00e9gion de Saint-Chinian.\" width=\"800\" height=\"389\" srcset=\"https:\/\/www.pep34vacances.com\/centre-malibert\/wp-content\/uploads\/sites\/3\/2016\/03\/pep34-balade-rando-nature-malibert.jpg 800w, https:\/\/www.pep34vacances.com\/centre-malibert\/wp-content\/uploads\/sites\/3\/2016\/03\/pep34-balade-rando-nature-malibert-300x146.jpg 300w, https:\/\/www.pep34vacances.com\/centre-malibert\/wp-content\/uploads\/sites\/3\/2016\/03\/pep34-balade-rando-nature-malibert-250x122.jpg 250w, https:\/\/www.pep34vacances.com\/centre-malibert\/wp-content\/uploads\/sites\/3\/2016\/03\/pep34-balade-rando-nature-malibert-100x50.jpg 100w\" sizes=\"(max-width: 800px) 100vw, 800px\" \/><\/p>\n<p>\u00ab\u00a0Le centre est configur\u00e9 pour permettre \u00e0 cinq groupes de vivre leurs s\u00e9jours en toute ind\u00e9pendance.<br \/>\nGr\u00e2ce aux installations et aux am\u00e9nagements du centre, les activit\u00e9s propos\u00e9es se d\u00e9roulent sur place : mini ferme, astronomie, jardin mare, balade en charrette, parcours natures am\u00e9nag\u00e9s cuisine, fabrication de pain, piscine d'\u00e9t\u00e9, etc.<br \/>\nSur place \u00e9galement une cuisine \u00e9quip\u00e9e avec un cuisinier pour la confection des repas. Une \u00e9quipe p\u00e9dagogique avec un directeur, un adjoint, une \u00e9conome, un assistant sanitaire, et deux animateurs par classe, pour r\u00e9pondre aux projets de chaque groupe.<br \/>\nL'enfant est au centre de notre projet, tout est pr\u00e9vu pour favoriser l'autonomie, la socialisation, la sensibilisation \u00e0 l'\u00e9cocitoyennet\u00e9.\u00a0\u00bb<\/p>\n","protected":false},"excerpt":{"rendered":"\u00ab\u00a0Le centre est configur\u00e9 pour permettre \u00e0 cinq groupes de vivre leurs s\u00e9jours en toute ind\u00e9pendance. Gr\u00e2ce aux installations et aux am\u00e9nagements du centre, les activit\u00e9s propos\u00e9es se d\u00e9roulent sur place : mini ferme, astronomie, jardin mare, balade en charrette, parcours natures am\u00e9nag\u00e9s cuisine, fabrication de pain, piscine d'\u00e9t\u00e9, etc. Sur place \u00e9galement une cuisine \u00e9quip\u00e9e avec un cuisinier pour&nbsp;<a href=\"https:\/\/www.pep34vacances.com\/centre-malibert\/presentation\/mot-du-directeur\/\" class=\"read-more\">Lire la suite<\/a>","protected":false},"author":5,"featured_media":0,"parent":7,"menu_order":0,"comment_status":"closed","ping_status":"closed","template":"","meta":{"footnotes":""},"_links":{"self":[{"href":"https:\/\/www.pep34vacances.com\/centre-malibert\/wp-json\/wp\/v2\/pages\/133"}],"collection":[{"href":"https:\/\/www.pep34vacances.com\/centre-malibert\/wp-json\/wp\/v2\/pages"}],"about":[{"href":"https:\/\/www.pep34vacances.com\/centre-malibert\/wp-json\/wp\/v2\/types\/page"}],"author":[{"embeddable":true,"href":"https:\/\/www.pep34vacances.com\/centre-malibert\/wp-json\/wp\/v2\/users\/5"}],"replies":[{"embeddable":true,"href":"https:\/\/www.pep34vacances.com\/centre-malibert\/wp-json\/wp\/v2\/comments?post=133"}],"version-history":[{"count":1,"href":"https:\/\/www.pep34vacances.com\/centre-malibert\/wp-json\/wp\/v2\/pages\/133\/revisions"}],"predecessor-version":[{"id":754,"href":"https:\/\/www.pep34vacances.com\/centre-malibert\/wp-json\/wp\/v2\/pages\/133\/revisions\/754"}],"up":[{"embeddable":true,"href":"https:\/\/www.pep34vacances.com\/centre-malibert\/wp-json\/wp\/v2\/pages\/7"}],"wp:attachment":[{"href":"https:\/\/www.pep34vacances.com\/centre-malibert\/wp-json\/wp\/v2\/media?parent=133"}],"curies":[{"name":"wp","href":"https:\/\/api.w.org\/{rel}","templated":true}]}}