 
 
{"id":30,"date":"2015-11-24T16:51:21","date_gmt":"2015-11-24T15:51:21","guid":{"rendered":"https:\/\/www.pep34vacances.com\/centre-palavas\/?page_id=30"},"modified":"2026-02-17T12:24:21","modified_gmt":"2026-02-17T11:24:21","slug":"vent-milieu-marin","status":"publish","type":"page","link":"https:\/\/www.pep34vacances.com\/centre-palavas\/classes-decouvertes\/vent-milieu-marin\/","title":{"rendered":"Vent &amp; milieu marin"},"content":{"rendered":"<div id=\"lipsum\">\n\t\r\n\t\t\r\n\t<div id=\"meteor-slideshowvent-et-milieu-marin\" class=\"meteor-slides vent-et-milieu-marin navnone { next: '#meteor-nextvent-et-milieu-marin', prev: '#meteor-prevvent-et-milieu-marin', pager: '#meteor-buttonsvent-et-milieu-marin' }\">\r\n\t\r\n\t\t\t\r\n\t\t\t\t\r\n\t\t\t\r\n\t\t<div class=\"meteor-clip\">\r\n\t\r\n\t\t\t\t\r\n\t\t\t<img decoding=\"async\" style=\"visibility: hidden;\" class=\"meteor-shim\" src=\"https:\/\/www.pep34vacances.com\/centre-palavas\/wp-content\/uploads\/sites\/2\/2016\/03\/pep34-colonies-vacances-palavas-faune-flore.jpg\" alt=\"\" \/>\r\n\t\t\t<div class=\"mslide mslide-1\">\r\n\t\t\t\t\r\n\t\t\t\t\t\t\t\t\t\r\n\t\t\t\t\t<img loading=\"lazy\" decoding=\"async\" width=\"800\" height=\"389\" src=\"https:\/\/www.pep34vacances.com\/centre-palavas\/wp-content\/uploads\/sites\/2\/2016\/03\/pep34-colonies-vacances-palavas-faune-flore.jpg\" class=\"attachment-featured-slide size-featured-slide wp-post-image\" alt=\"D\u00e9couverte de la faune et de la flore avec les PEP 34.\" title=\"pep34-colonies-vacances-palavas-faune-flore\" srcset=\"https:\/\/www.pep34vacances.com\/centre-palavas\/wp-content\/uploads\/sites\/2\/2016\/03\/pep34-colonies-vacances-palavas-faune-flore.jpg 800w, https:\/\/www.pep34vacances.com\/centre-palavas\/wp-content\/uploads\/sites\/2\/2016\/03\/pep34-colonies-vacances-palavas-faune-flore-300x146.jpg 300w, https:\/\/www.pep34vacances.com\/centre-palavas\/wp-content\/uploads\/sites\/2\/2016\/03\/pep34-colonies-vacances-palavas-faune-flore-250x122.jpg 250w, https:\/\/www.pep34vacances.com\/centre-palavas\/wp-content\/uploads\/sites\/2\/2016\/03\/pep34-colonies-vacances-palavas-faune-flore-100x50.jpg 100w\" sizes=\"(max-width: 800px) 100vw, 800px\" \/>\t\t\t\t\t\r\n\t\t\t\t\t\t\t\r\n\t\t\t<\/div><!-- .mslide -->\r\n\t\t\t\r\n\t\t\t\t\t\t\r\n\t\t\t\t\r\n\t\t\t\r\n\t\t\t<div class=\"mslide mslide-2\">\r\n\t\t\t\t\r\n\t\t\t\t\t\t\t\t\t\r\n\t\t\t\t\t<img loading=\"lazy\" decoding=\"async\" width=\"800\" height=\"389\" src=\"https:\/\/www.pep34vacances.com\/centre-palavas\/wp-content\/uploads\/sites\/2\/2016\/01\/pep34-centre-vacances-plage-mer-dune-22.jpg\" class=\"attachment-featured-slide size-featured-slide wp-post-image\" alt=\"Balades au centre de vacances Le Grain de SEL PEP 34 de Palavas (h\u00e9rault)\" title=\"pep34-centre-vacances-plage-mer-dune\" srcset=\"https:\/\/www.pep34vacances.com\/centre-palavas\/wp-content\/uploads\/sites\/2\/2016\/01\/pep34-centre-vacances-plage-mer-dune-22.jpg 800w, https:\/\/www.pep34vacances.com\/centre-palavas\/wp-content\/uploads\/sites\/2\/2016\/01\/pep34-centre-vacances-plage-mer-dune-22-300x146.jpg 300w, https:\/\/www.pep34vacances.com\/centre-palavas\/wp-content\/uploads\/sites\/2\/2016\/01\/pep34-centre-vacances-plage-mer-dune-22-250x122.jpg 250w, https:\/\/www.pep34vacances.com\/centre-palavas\/wp-content\/uploads\/sites\/2\/2016\/01\/pep34-centre-vacances-plage-mer-dune-22-100x50.jpg 100w\" sizes=\"(max-width: 800px) 100vw, 800px\" \/>\t\t\t\t\t\r\n\t\t\t\t\t\t\t\r\n\t\t\t<\/div><!-- .mslide -->\r\n\t\t\t\r\n\t\t\t\t\t\t\r\n\t\t\t\t\r\n\t\t\t\r\n\t\t\t<div class=\"mslide mslide-3\">\r\n\t\t\t\t\r\n\t\t\t\t\t\t\t\t\t\r\n\t\t\t\t\t<img loading=\"lazy\" decoding=\"async\" width=\"800\" height=\"389\" src=\"https:\/\/www.pep34vacances.com\/centre-palavas\/wp-content\/uploads\/sites\/2\/2016\/01\/PEP34-ACTIVITE-VOILE-PALAVAS-PLAGE-LOISIR-ENFANTS-125.jpg\" class=\"attachment-featured-slide size-featured-slide wp-post-image\" alt=\"Activit\u00e9 voile au centre de vacances Le Grain de SEL PEP 34 de Palavas (h\u00e9rault)\" title=\"PEP34-ACTIVITE-VOILE-PALAVAS-PLAGE-LOISIR-ENFANTS\" srcset=\"https:\/\/www.pep34vacances.com\/centre-palavas\/wp-content\/uploads\/sites\/2\/2016\/01\/PEP34-ACTIVITE-VOILE-PALAVAS-PLAGE-LOISIR-ENFANTS-125.jpg 800w, https:\/\/www.pep34vacances.com\/centre-palavas\/wp-content\/uploads\/sites\/2\/2016\/01\/PEP34-ACTIVITE-VOILE-PALAVAS-PLAGE-LOISIR-ENFANTS-125-300x146.jpg 300w, https:\/\/www.pep34vacances.com\/centre-palavas\/wp-content\/uploads\/sites\/2\/2016\/01\/PEP34-ACTIVITE-VOILE-PALAVAS-PLAGE-LOISIR-ENFANTS-125-250x122.jpg 250w, https:\/\/www.pep34vacances.com\/centre-palavas\/wp-content\/uploads\/sites\/2\/2016\/01\/PEP34-ACTIVITE-VOILE-PALAVAS-PLAGE-LOISIR-ENFANTS-125-100x50.jpg 100w\" sizes=\"(max-width: 800px) 100vw, 800px\" \/>\t\t\t\t\t\r\n\t\t\t\t\t\t\t\r\n\t\t\t<\/div><!-- .mslide -->\r\n\t\t\t\r\n\t\t\t\t\t\t\r\n\t\t\t\t\r\n\t\t\t\r\n\t\t\t<div class=\"mslide mslide-4\">\r\n\t\t\t\t\r\n\t\t\t\t\t\t\t\t\t\r\n\t\t\t\t\t<img loading=\"lazy\" decoding=\"async\" width=\"800\" height=\"389\" src=\"https:\/\/www.pep34vacances.com\/centre-palavas\/wp-content\/uploads\/sites\/2\/2016\/01\/PEP34-ACTIVITES-PLAGE-ENFANT-PALAVAS-JEUX-MER-85.jpg\" class=\"attachment-featured-slide size-featured-slide wp-post-image\" alt=\"Activit\u00e9s de plage au centre de vacances Le Grain de SEL PEP 34 de Palavas (h\u00e9rault)\" title=\"PEP34-ACTIVITES-PLAGE-ENFANT-PALAVAS-JEUX-MER\" srcset=\"https:\/\/www.pep34vacances.com\/centre-palavas\/wp-content\/uploads\/sites\/2\/2016\/01\/PEP34-ACTIVITES-PLAGE-ENFANT-PALAVAS-JEUX-MER-85.jpg 800w, https:\/\/www.pep34vacances.com\/centre-palavas\/wp-content\/uploads\/sites\/2\/2016\/01\/PEP34-ACTIVITES-PLAGE-ENFANT-PALAVAS-JEUX-MER-85-300x146.jpg 300w, https:\/\/www.pep34vacances.com\/centre-palavas\/wp-content\/uploads\/sites\/2\/2016\/01\/PEP34-ACTIVITES-PLAGE-ENFANT-PALAVAS-JEUX-MER-85-250x122.jpg 250w, https:\/\/www.pep34vacances.com\/centre-palavas\/wp-content\/uploads\/sites\/2\/2016\/01\/PEP34-ACTIVITES-PLAGE-ENFANT-PALAVAS-JEUX-MER-85-100x50.jpg 100w\" sizes=\"(max-width: 800px) 100vw, 800px\" \/>\t\t\t\t\t\r\n\t\t\t\t\t\t\t\r\n\t\t\t<\/div><!-- .mslide -->\r\n\t\t\t\r\n\t\t\t\t\t\t\r\n\t\t\t\t\r\n\t\t\t\r\n\t\t\t<div class=\"mslide mslide-5\">\r\n\t\t\t\t\r\n\t\t\t\t\t\t\t\t\t\r\n\t\t\t\t\t<img loading=\"lazy\" decoding=\"async\" width=\"800\" height=\"389\" src=\"https:\/\/www.pep34vacances.com\/centre-palavas\/wp-content\/uploads\/sites\/2\/2016\/01\/PEP34-centre-vacances-enfants-palavas-activite\u0301-Kayak-6.jpg\" class=\"attachment-featured-slide size-featured-slide wp-post-image\" alt=\"Activit\u00e9 kayak au centre de vacances Le Grain de SEL PEP 34 de Palavas (h\u00e9rault)\" title=\"PEP34-centre-vacances-enfants-palavas-activite\u0301 &#8211; Kayak\" srcset=\"https:\/\/www.pep34vacances.com\/centre-palavas\/wp-content\/uploads\/sites\/2\/2016\/01\/PEP34-centre-vacances-enfants-palavas-activite\u0301-Kayak-6.jpg 800w, https:\/\/www.pep34vacances.com\/centre-palavas\/wp-content\/uploads\/sites\/2\/2016\/01\/PEP34-centre-vacances-enfants-palavas-activite\u0301-Kayak-6-300x146.jpg 300w, https:\/\/www.pep34vacances.com\/centre-palavas\/wp-content\/uploads\/sites\/2\/2016\/01\/PEP34-centre-vacances-enfants-palavas-activite\u0301-Kayak-6-250x122.jpg 250w, https:\/\/www.pep34vacances.com\/centre-palavas\/wp-content\/uploads\/sites\/2\/2016\/01\/PEP34-centre-vacances-enfants-palavas-activite\u0301-Kayak-6-100x50.jpg 100w\" sizes=\"(max-width: 800px) 100vw, 800px\" \/>\t\t\t\t\t\r\n\t\t\t\t\t\t\t\r\n\t\t\t<\/div><!-- .mslide -->\r\n\t\t\t\r\n\t\t\t\t\t\t\r\n\t\t\t\t\r\n\t\t<\/div><!-- .meteor-clip -->\r\n\t\t\t\t\r\n\t\t\t\t\t\r\n\t<\/div><!-- .meteor-slides -->\r\n\t\r\n\t\n<h2 id=\"lipsum\">Objectifs du voyage scolaire<\/h2>\n<ul>\n<li>\u00catre au contact et comprendre le milieu marin<\/li>\n<li>Identifier les principaux acteurs<\/li>\n<li>Apprendre \u00e0 contr\u00f4ler et \u00e0 utiliser le vent<\/li>\n<\/ul>\n<h2>Programme<\/h2>\n<p><a href=\"https:\/\/www.pep34vacances.com\/centre-palavas\/wp-content\/uploads\/sites\/2\/2015\/11\/programme-palavas-vent-milieu-marin.png\"><img loading=\"lazy\" decoding=\"async\" class=\"wp-image-741 size-large alignnone\" src=\"https:\/\/www.pep34vacances.com\/centre-palavas\/wp-content\/uploads\/sites\/2\/2015\/11\/programme-palavas-vent-milieu-marin-1024x613.png\" alt=\"Programme classe d\u00e9couverte vent et milieu marin\" width=\"604\" height=\"362\" srcset=\"https:\/\/www.pep34vacances.com\/centre-palavas\/wp-content\/uploads\/sites\/2\/2015\/11\/programme-palavas-vent-milieu-marin-1024x613.png 1024w, https:\/\/www.pep34vacances.com\/centre-palavas\/wp-content\/uploads\/sites\/2\/2015\/11\/programme-palavas-vent-milieu-marin-300x180.png 300w, https:\/\/www.pep34vacances.com\/centre-palavas\/wp-content\/uploads\/sites\/2\/2015\/11\/programme-palavas-vent-milieu-marin-250x150.png 250w, https:\/\/www.pep34vacances.com\/centre-palavas\/wp-content\/uploads\/sites\/2\/2015\/11\/programme-palavas-vent-milieu-marin.png 1158w\" sizes=\"(max-width: 604px) 100vw, 604px\" \/><\/a><\/p>\n<h2>Contenu p\u00e9dagogique<\/h2>\n<p><strong>Lecture de paysage au phare de la M\u00e9diterran\u00e9e :<\/strong>\u00a0lecture de paysage permettant de se situer dans l'espace, d'observer et de comprendre la physionomie de Palavas, de rep\u00e9rer les diff\u00e9rents espaces et les plans successifs du paysage.<\/p>\n<p><strong>Atelier sur le vent et construction de cerf-volant :<\/strong>\u00a0qu'est-ce que le vent ? D'o\u00f9 vient-il ? Quelle utilisation ? L'animateur r\u00e9pondra \u00e0 ces questions \u00e0 travers un atelier ludique et poursuivra avec la construction d'un cerf-volant de A \u00e0 Z pour contr\u00f4ler le vent.<\/p>\n<p><strong>Laisses de Mer\/Land'Art :<\/strong>\u00a0dans un contexte \u00e0 la fois ludique et artistique, approche de la diversit\u00e9 faunistique du milieu, sensibilisation \u00e0 l'impact de l'homme sur l'\u00e9cosyst\u00e8me plage et sur la n\u00e9cessit\u00e9 de le prot\u00e9ger pour le pr\u00e9server.<\/p>\n<p><strong>Faune &amp; flore et la lagune :<\/strong>\u00a0comprendre, observer et \u00e9tudier le milieu lagunaire<\/p>\n<p><strong>Rallye photo :<\/strong>\u00a0activit\u00e9 ludique m\u00ealant d\u00e9tente, esprit d'\u00e9quipe et observation<\/p>\n<p><strong>Activit\u00e9s optionnelles en suppl\u00e9ment<\/strong> (nous consulter pour conna\u00eetre les tarifs)<\/p>\n<ul>\n<li>Visite d'une manade<\/li>\n<li>P\u00eache en mer<\/li>\n<li>Visite guid\u00e9e de Montpellier<\/li>\n<li>Seaquarium du Grau du Roi<\/li>\n<li>Planet Oc\u00e9an Montpellier (Aquarium et Plan\u00e9tarium)<\/li>\n<li>Visite guid\u00e9e de N\u00eemes<\/li>\n<\/ul>\n<h3>Notre guide pratique<\/h3>\n<p>\u00c0 destinations des enseignants d'\u00e9coles maternelles, primaires et \u00e9l\u00e9mentaires, ce guide pratique contient toutes les informations n\u00e9cessaires pour vous aider dans la constitution de votre dossier administratif.<\/p>\n<a href=\"https:\/\/www.pep34vacances.com\/wp-content\/uploads\/2019\/03\/Guide-pratique-palavas-CD.pdf\" title=\"T\u00c9L\u00c9CHARGEZ NOTRE GUIDE PRATIQUE\" class=\"btn btn-primary btn-medium btn-inline \" target=\"_blank\">T\u00c9L\u00c9CHARGEZ NOTRE GUIDE PRATIQUE<\/a><!-- .btn -->\n<div class=\"wp-block-spacer\" style=\"height: 20px;\" aria-hidden=\"true\"><\/div>\n<h3>Conditions de pratique<\/h3>\n<ul>\n<li>Public vis\u00e9 : cycles 1\/2\/3 (autres niveaux, nous consulter)<\/li>\n<li>Effectif minimum : 20 (en dessous, nous consulter)<\/li>\n<li>Tenue : sur place<\/li>\n<li><a href=\"https:\/\/www.pep34vacances.com\/blog\/2018\/09\/20\/aides-classe-de-decouvertes\/\">Aides financi\u00e8res possibles<\/a><\/li>\n<\/ul>\n<h2>Contact<\/h2>\n<p>Centre Le Grain de SEL<br \/>\n31 Avenue de Saint-Maurice<br \/>\n34250 PALAVAS-LES-FLOTS<\/p>\n<p>04 67 68 01 88<\/p>\n<\/div>\n","protected":false},"excerpt":{"rendered":"<p>Objectifs du voyage scolaire \u00catre au contact et comprendre le milieu marin Identifier les principaux acteurs Apprendre \u00e0 contr\u00f4ler et \u00e0 utiliser le vent Programme Contenu p\u00e9dagogique Lecture de paysage au phare de la M\u00e9diterran\u00e9e :\u00a0lecture de paysage permettant de se situer dans l'espace, d'observer et de comprendre la physionomie de Palavas, de rep\u00e9rer les diff\u00e9rents espaces et les plans&nbsp;<a href=\"https:\/\/www.pep34vacances.com\/centre-palavas\/classes-decouvertes\/vent-milieu-marin\/\" class=\"read-more\">Lire la suite<\/a><\/p>\n","protected":false},"author":1,"featured_media":0,"parent":28,"menu_order":0,"comment_status":"closed","ping_status":"closed","template":"","meta":{"footnotes":""},"_links":{"self":[{"href":"https:\/\/www.pep34vacances.com\/centre-palavas\/wp-json\/wp\/v2\/pages\/30"}],"collection":[{"href":"https:\/\/www.pep34vacances.com\/centre-palavas\/wp-json\/wp\/v2\/pages"}],"about":[{"href":"https:\/\/www.pep34vacances.com\/centre-palavas\/wp-json\/wp\/v2\/types\/page"}],"author":[{"embeddable":true,"href":"https:\/\/www.pep34vacances.com\/centre-palavas\/wp-json\/wp\/v2\/users\/1"}],"replies":[{"embeddable":true,"href":"https:\/\/www.pep34vacances.com\/centre-palavas\/wp-json\/wp\/v2\/comments?post=30"}],"version-history":[{"count":5,"href":"https:\/\/www.pep34vacances.com\/centre-palavas\/wp-json\/wp\/v2\/pages\/30\/revisions"}],"predecessor-version":[{"id":908,"href":"https:\/\/www.pep34vacances.com\/centre-palavas\/wp-json\/wp\/v2\/pages\/30\/revisions\/908"}],"up":[{"embeddable":true,"href":"https:\/\/www.pep34vacances.com\/centre-palavas\/wp-json\/wp\/v2\/pages\/28"}],"wp:attachment":[{"href":"https:\/\/www.pep34vacances.com\/centre-palavas\/wp-json\/wp\/v2\/media?parent=30"}],"curies":[{"name":"wp","href":"https:\/\/api.w.org\/{rel}","templated":true}]}}